{"id":1711,"date":"2022-04-07T06:29:40","date_gmt":"2022-04-07T06:29:01","guid":{"rendered":"https:\/\/connectionsnmhi.ualberta.ca\/?page_id=1711"},"modified":"2022-06-03T20:26:03","modified_gmt":"2022-06-03T20:26:03","slug":"elliott-charette","status":"publish","type":"page","link":"https:\/\/connectionsnmhi.ualberta.ca\/?page_id=1711","title":{"rendered":"Danielle Elliott, Helene Charette, Michelle Charette"},"content":{"rendered":"\n<hr class=\"wp-block-separator has-text-color has-css-opacity has-background alignwide\" style=\"background-color:#407dc0;color:#407dc0\"\/>\n\n\n\n<div class=\"wp-block-columns alignwide is-layout-flex wp-container-core-columns-is-layout-9d6595d7 wp-block-columns-is-layout-flex\">\n<div class=\"wp-block-column is-layout-flow wp-block-column-is-layout-flow\" style=\"flex-basis:33.33%\">\n<div class=\"wp-block-cover is-light\"><span aria-hidden=\"true\" class=\"wp-block-cover__background has-background-dim-0 has-background-dim\"><\/span><img loading=\"lazy\" decoding=\"async\" width=\"1920\" height=\"2560\" class=\"wp-block-cover__image-background wp-image-1980\" alt=\"\" src=\"https:\/\/connectionsnmhi.ualberta.ca\/wp-content\/uploads\/2022\/04\/14.denielleelliott-scaled.jpeg\" style=\"object-position:21% 42%\" data-object-fit=\"cover\" data-object-position=\"21% 42%\" srcset=\"https:\/\/connectionsnmhi.ualberta.ca\/wp-content\/uploads\/2022\/04\/14.denielleelliott-scaled.jpeg 1920w, https:\/\/connectionsnmhi.ualberta.ca\/wp-content\/uploads\/2022\/04\/14.denielleelliott-225x300.jpeg 225w, https:\/\/connectionsnmhi.ualberta.ca\/wp-content\/uploads\/2022\/04\/14.denielleelliott-768x1024.jpeg 768w, https:\/\/connectionsnmhi.ualberta.ca\/wp-content\/uploads\/2022\/04\/14.denielleelliott-1152x1536.jpeg 1152w, https:\/\/connectionsnmhi.ualberta.ca\/wp-content\/uploads\/2022\/04\/14.denielleelliott-1536x2048.jpeg 1536w, https:\/\/connectionsnmhi.ualberta.ca\/wp-content\/uploads\/2022\/04\/14.denielleelliott-1568x2091.jpeg 1568w\" sizes=\"auto, (max-width: 1920px) 100vw, 1920px\" \/><div class=\"wp-block-cover__inner-container is-layout-flow wp-block-cover-is-layout-flow\">\n<p class=\"has-text-align-center has-large-font-size\"><\/p>\n<\/div><\/div>\n<\/div>\n\n\n\n<div class=\"wp-block-column is-vertically-aligned-bottom is-layout-flow wp-block-column-is-layout-flow\" style=\"flex-basis:66.66%\">\n<h2 class=\"wp-block-heading\" id=\"vortex\">Denielle Elliott<\/h2>\n\n\n\n<p class=\"has-small-font-size\">Denielle Elliott is a socio-cultural anthropologist at York University. Her work adopts arts-based methodologies and experimental ethnography to understand how the imperceptible effects of brain trauma are known by a field of actors connected through brain studies. Her work is collaborative, partnering with artists, scholars, and neuroscientists.<\/p>\n\n\n\n<p class=\"bluehover has-extra-small-font-size\"> <a href=\"https:\/\/www.undisciplinedethnography.ca\">Website<\/a> | <a href=\"https:\/\/twitter.com\/of_anthropology\">Twitter<\/a><\/p>\n<\/div>\n<\/div>\n\n\n\n<div class=\"wp-block-columns alignwide is-layout-flex wp-container-core-columns-is-layout-9d6595d7 wp-block-columns-is-layout-flex\">\n<div class=\"wp-block-column is-layout-flow wp-block-column-is-layout-flow\" style=\"flex-basis:33.33%\">\n<div class=\"wp-block-cover\"><span aria-hidden=\"true\" class=\"wp-block-cover__background has-background-dim-0 has-background-dim\"><\/span><img loading=\"lazy\" decoding=\"async\" width=\"800\" height=\"600\" class=\"wp-block-cover__image-background wp-image-1977\" alt=\"\" src=\"https:\/\/connectionsnmhi.ualberta.ca\/wp-content\/uploads\/2022\/04\/14.helenecharette.jpg\" style=\"object-position:21% 42%\" data-object-fit=\"cover\" data-object-position=\"21% 42%\" srcset=\"https:\/\/connectionsnmhi.ualberta.ca\/wp-content\/uploads\/2022\/04\/14.helenecharette.jpg 800w, https:\/\/connectionsnmhi.ualberta.ca\/wp-content\/uploads\/2022\/04\/14.helenecharette-300x225.jpg 300w, https:\/\/connectionsnmhi.ualberta.ca\/wp-content\/uploads\/2022\/04\/14.helenecharette-768x576.jpg 768w\" sizes=\"auto, (max-width: 800px) 100vw, 800px\" \/><div class=\"wp-block-cover__inner-container is-layout-flow wp-block-cover-is-layout-flow\">\n<p class=\"has-text-align-center has-large-font-size\"><\/p>\n<\/div><\/div>\n<\/div>\n\n\n\n<div class=\"wp-block-column is-vertically-aligned-bottom is-layout-flow wp-block-column-is-layout-flow\" style=\"flex-basis:66.66%\">\n<h2 class=\"wp-block-heading\" id=\"vortex\">H\u00e9l\u00e8ne Charette<\/h2>\n\n\n\n<p class=\"has-small-font-size\">H\u00e9l\u00e8ne Charette has been a stained-glass artist for over 30 years. In early childhood she was mesmerized by the stained-glass windows in the basilicas of Quebec City and Montreal, and would reflect on every individual panel and the minute details therein. She believes that working with glass is far less about realistic representation than it is about precision, care, and most of all, the willingness to adapt, to work with the grooves of each sheet of glass.<\/p>\n\n\n\n<p class=\"bluehover has-extra-small-font-size\"> <a href=\"http:\/\/h\u00e9l\u00e8ne-charette.yolasite.com\">Website<\/a><\/p>\n<\/div>\n<\/div>\n\n\n\n<div class=\"wp-block-columns alignwide is-layout-flex wp-container-core-columns-is-layout-9d6595d7 wp-block-columns-is-layout-flex\">\n<div class=\"wp-block-column is-layout-flow wp-block-column-is-layout-flow\" style=\"flex-basis:33.33%\">\n<div class=\"wp-block-cover is-light\"><span aria-hidden=\"true\" class=\"wp-block-cover__background has-background-dim-0 has-background-dim\"><\/span><img loading=\"lazy\" decoding=\"async\" width=\"800\" height=\"533\" class=\"wp-block-cover__image-background wp-image-1983\" alt=\"\" src=\"https:\/\/connectionsnmhi.ualberta.ca\/wp-content\/uploads\/2022\/04\/14.MichelleCharette.jpeg\" style=\"object-position:76% 53%\" data-object-fit=\"cover\" data-object-position=\"76% 53%\" srcset=\"https:\/\/connectionsnmhi.ualberta.ca\/wp-content\/uploads\/2022\/04\/14.MichelleCharette.jpeg 800w, https:\/\/connectionsnmhi.ualberta.ca\/wp-content\/uploads\/2022\/04\/14.MichelleCharette-300x200.jpeg 300w, https:\/\/connectionsnmhi.ualberta.ca\/wp-content\/uploads\/2022\/04\/14.MichelleCharette-768x512.jpeg 768w\" sizes=\"auto, (max-width: 800px) 100vw, 800px\" \/><div class=\"wp-block-cover__inner-container is-layout-flow wp-block-cover-is-layout-flow\">\n<p class=\"has-text-align-center has-large-font-size\"><\/p>\n<\/div><\/div>\n<\/div>\n\n\n\n<div class=\"wp-block-column is-vertically-aligned-bottom is-layout-flow wp-block-column-is-layout-flow\" style=\"flex-basis:66.66%\">\n<h2 class=\"wp-block-heading\" id=\"vortex\">Michelle Charette<\/h2>\n\n\n\n<p class=\"has-small-font-size\">Michelle Charette is a PhD candidate in the Department of Science and Technology Studies (STS) at York University. Her research focuses on contemporary clinical systems designed to enhance care for individuals with musculoskeletal conditions like rheumatoid arthritis and fibromyalgia. She is committed to collaborative and experimental research methods for exploring the sensorial and lived dimensions of atypical embodiment.<\/p>\n\n\n\n<p class=\"bluehover has-extra-small-font-size\"><a href=\"http:\/\/www.michellecharette.ca\">Website<\/a> | <a href=\"https:\/\/twitter.com\/michgenevievec\">Twitter<\/a><\/p>\n<\/div>\n<\/div>\n\n\n\n<div style=\"height:10vh\" aria-hidden=\"true\" class=\"wp-block-spacer\"><\/div>\n\n\n\n<div class=\"wp-block-columns alignwide is-layout-flex wp-container-core-columns-is-layout-9d6595d7 wp-block-columns-is-layout-flex\">\n<div class=\"wp-block-column is-layout-flow wp-block-column-is-layout-flow\">\n<figure class=\"wp-block-image alignwide size-large image is-style-twentytwentyone-border\"><img loading=\"lazy\" decoding=\"async\" width=\"1024\" height=\"792\" src=\"https:\/\/connectionsnmhi.ualberta.ca\/wp-content\/uploads\/2022\/03\/22-Balancing-the-senses_Helene-Charette-1024x792.jpg\" alt=\"\" class=\"wp-image-973\" srcset=\"https:\/\/connectionsnmhi.ualberta.ca\/wp-content\/uploads\/2022\/03\/22-Balancing-the-senses_Helene-Charette-1024x792.jpg 1024w, https:\/\/connectionsnmhi.ualberta.ca\/wp-content\/uploads\/2022\/03\/22-Balancing-the-senses_Helene-Charette-300x232.jpg 300w, https:\/\/connectionsnmhi.ualberta.ca\/wp-content\/uploads\/2022\/03\/22-Balancing-the-senses_Helene-Charette-768x594.jpg 768w, https:\/\/connectionsnmhi.ualberta.ca\/wp-content\/uploads\/2022\/03\/22-Balancing-the-senses_Helene-Charette-1536x1188.jpg 1536w, https:\/\/connectionsnmhi.ualberta.ca\/wp-content\/uploads\/2022\/03\/22-Balancing-the-senses_Helene-Charette-1568x1213.jpg 1568w, https:\/\/connectionsnmhi.ualberta.ca\/wp-content\/uploads\/2022\/03\/22-Balancing-the-senses_Helene-Charette.jpg 1810w\" sizes=\"auto, (max-width: 1024px) 100vw, 1024px\" \/><\/figure>\n\n\n\n<h4 class=\"bluehover wp-block-heading\"><a href=\"https:\/\/connectionsnmhi.ualberta.ca\/?page_id=1026\">Balancing the Senses<\/a><\/h4>\n<\/div>\n<\/div>\n\n\n\n<div class=\"wp-block-columns alignwide is-layout-flex wp-container-core-columns-is-layout-9d6595d7 wp-block-columns-is-layout-flex\">\n<div class=\"wp-block-column is-layout-flow wp-block-column-is-layout-flow\">\n<figure class=\"wp-block-image alignwide size-large image is-style-twentytwentyone-border\"><img loading=\"lazy\" decoding=\"async\" width=\"1024\" height=\"806\" src=\"https:\/\/connectionsnmhi.ualberta.ca\/wp-content\/uploads\/2022\/03\/23-Space-time-coordination_Helene-Charette-1024x806.jpg\" alt=\"\" class=\"wp-image-974\" srcset=\"https:\/\/connectionsnmhi.ualberta.ca\/wp-content\/uploads\/2022\/03\/23-Space-time-coordination_Helene-Charette-1024x806.jpg 1024w, https:\/\/connectionsnmhi.ualberta.ca\/wp-content\/uploads\/2022\/03\/23-Space-time-coordination_Helene-Charette-300x236.jpg 300w, https:\/\/connectionsnmhi.ualberta.ca\/wp-content\/uploads\/2022\/03\/23-Space-time-coordination_Helene-Charette-768x604.jpg 768w, https:\/\/connectionsnmhi.ualberta.ca\/wp-content\/uploads\/2022\/03\/23-Space-time-coordination_Helene-Charette-1536x1209.jpg 1536w, https:\/\/connectionsnmhi.ualberta.ca\/wp-content\/uploads\/2022\/03\/23-Space-time-coordination_Helene-Charette-1568x1234.jpg 1568w, https:\/\/connectionsnmhi.ualberta.ca\/wp-content\/uploads\/2022\/03\/23-Space-time-coordination_Helene-Charette.jpg 1789w\" sizes=\"auto, (max-width: 1024px) 100vw, 1024px\" \/><\/figure>\n\n\n\n<h4 class=\"bluehover wp-block-heading\" id=\"title\" style=\"line-height:1\"><a href=\"https:\/\/connectionsnmhi.ualberta.ca\/?page_id=1035\"><\/a><a href=\"https:\/\/connectionsnmhi.ualberta.ca\/?page_id=1035\"><\/a><a href=\"https:\/\/connectionsnmhi.ualberta.ca\/?page_id=1035\">Space-Time Coordination<\/a><\/h4>\n<\/div>\n<\/div>\n\n\n\n<div class=\"wp-block-columns is-layout-flex wp-container-core-columns-is-layout-9d6595d7 wp-block-columns-is-layout-flex\">\n<div class=\"wp-block-column is-layout-flow wp-block-column-is-layout-flow\">\n<figure class=\"wp-block-image alignwide size-large image is-style-twentytwentyone-border\"><img loading=\"lazy\" decoding=\"async\" width=\"912\" height=\"1024\" src=\"https:\/\/connectionsnmhi.ualberta.ca\/wp-content\/uploads\/2022\/03\/24-Memory_Helene-Charette-912x1024.jpg\" alt=\"\" class=\"wp-image-975\" srcset=\"https:\/\/connectionsnmhi.ualberta.ca\/wp-content\/uploads\/2022\/03\/24-Memory_Helene-Charette-912x1024.jpg 912w, https:\/\/connectionsnmhi.ualberta.ca\/wp-content\/uploads\/2022\/03\/24-Memory_Helene-Charette-267x300.jpg 267w, https:\/\/connectionsnmhi.ualberta.ca\/wp-content\/uploads\/2022\/03\/24-Memory_Helene-Charette-768x862.jpg 768w, https:\/\/connectionsnmhi.ualberta.ca\/wp-content\/uploads\/2022\/03\/24-Memory_Helene-Charette.jpg 1240w\" sizes=\"auto, (max-width: 912px) 100vw, 912px\" \/><\/figure>\n\n\n\n<h4 class=\"bluehover wp-block-heading\"><a href=\"https:\/\/connectionsnmhi.ualberta.ca\/?page_id=1037\">Memory<\/a><\/h4>\n<\/div>\n<\/div>\n\n\n\n<div style=\"height:122px\" aria-hidden=\"true\" class=\"wp-block-spacer\"><\/div>\n\n\n\n<div class=\"wp-block-columns alignwide is-layout-flex wp-container-core-columns-is-layout-9d6595d7 wp-block-columns-is-layout-flex\">\n<div class=\"wp-block-column is-layout-flow wp-block-column-is-layout-flow\">\n<div class=\"wp-block-media-text alignwide is-stacked-on-mobile\" style=\"grid-template-columns:15% auto\"><figure class=\"wp-block-media-text__media\"><a href=\"https:\/\/connectionsnmhi.ualberta.ca\/?page_id=1709\"><img loading=\"lazy\" decoding=\"async\" width=\"116\" height=\"35\" src=\"https:\/\/connectionsnmhi.ualberta.ca\/wp-content\/uploads\/2022\/03\/arrow-L.png\" alt=\"\" class=\"wp-image-869 size-full\"\/><\/a><\/figure><div class=\"wp-block-media-text__content\">\n<p class=\"has-text-align-left has-large-font-size\"><a href=\"https:\/\/connectionsnmhi.ualberta.ca\/?page_id=1709\">Christina Vogiatzis<\/a><\/p>\n<\/div><\/div>\n<\/div>\n\n\n\n<div class=\"wp-block-column is-layout-flow wp-block-column-is-layout-flow\" style=\"padding-top:0px;padding-right:0px;padding-bottom:0px;padding-left:0px\">\n<div class=\"wp-block-media-text alignwide has-media-on-the-right is-stacked-on-mobile\" style=\"grid-template-columns:auto 15%\"><figure class=\"wp-block-media-text__media\"><a href=\"https:\/\/connectionsnmhi.ualberta.ca\/?page_id=1713\"><img loading=\"lazy\" decoding=\"async\" width=\"116\" height=\"35\" src=\"https:\/\/connectionsnmhi.ualberta.ca\/wp-content\/uploads\/2022\/03\/arrow-R-1.png\" alt=\"\" class=\"wp-image-870 size-full\"\/><\/a><\/figure><div class=\"wp-block-media-text__content\">\n<p class=\"has-text-align-right has-large-font-size\"><a href=\"https:\/\/connectionsnmhi.ualberta.ca\/?page_id=1713\">Darian Goldin Stahl<\/a><\/p>\n<\/div><\/div>\n<\/div>\n<\/div>\n","protected":false},"excerpt":{"rendered":"<p>Denielle Elliott Denielle Elliott is a socio-cultural anthropologist at York University. Her work adopts arts-based methodologies and experimental ethnography to understand how the imperceptible effects of brain trauma are known by a field of actors connected through brain studies. Her work is collaborative, partnering with artists, scholars, and neuroscientists. Website | Twitter H\u00e9l\u00e8ne Charette H\u00e9l\u00e8ne&hellip; <a class=\"more-link\" href=\"https:\/\/connectionsnmhi.ualberta.ca\/?page_id=1711\">Continue reading <span class=\"screen-reader-text\">Danielle Elliott, Helene Charette, Michelle Charette<\/span><\/a><\/p>\n","protected":false},"author":1,"featured_media":0,"parent":353,"menu_order":12,"comment_status":"closed","ping_status":"closed","template":"","meta":{"footnotes":""},"class_list":["post-1711","page","type-page","status-publish","hentry","entry"],"_links":{"self":[{"href":"https:\/\/connectionsnmhi.ualberta.ca\/index.php?rest_route=\/wp\/v2\/pages\/1711","targetHints":{"allow":["GET"]}}],"collection":[{"href":"https:\/\/connectionsnmhi.ualberta.ca\/index.php?rest_route=\/wp\/v2\/pages"}],"about":[{"href":"https:\/\/connectionsnmhi.ualberta.ca\/index.php?rest_route=\/wp\/v2\/types\/page"}],"author":[{"embeddable":true,"href":"https:\/\/connectionsnmhi.ualberta.ca\/index.php?rest_route=\/wp\/v2\/users\/1"}],"replies":[{"embeddable":true,"href":"https:\/\/connectionsnmhi.ualberta.ca\/index.php?rest_route=%2Fwp%2Fv2%2Fcomments&post=1711"}],"version-history":[{"count":10,"href":"https:\/\/connectionsnmhi.ualberta.ca\/index.php?rest_route=\/wp\/v2\/pages\/1711\/revisions"}],"predecessor-version":[{"id":3018,"href":"https:\/\/connectionsnmhi.ualberta.ca\/index.php?rest_route=\/wp\/v2\/pages\/1711\/revisions\/3018"}],"up":[{"embeddable":true,"href":"https:\/\/connectionsnmhi.ualberta.ca\/index.php?rest_route=\/wp\/v2\/pages\/353"}],"wp:attachment":[{"href":"https:\/\/connectionsnmhi.ualberta.ca\/index.php?rest_route=%2Fwp%2Fv2%2Fmedia&parent=1711"}],"curies":[{"name":"wp","href":"https:\/\/api.w.org\/{rel}","templated":true}]}}